{"id":935,"date":"2020-09-08T18:09:51","date_gmt":"2020-09-08T16:09:51","guid":{"rendered":"http:\/\/nabburg-pfreimd-evangelisch.de\/?page_id=935"},"modified":"2023-08-18T13:24:34","modified_gmt":"2023-08-18T11:24:34","slug":"laurentiuskirche","status":"publish","type":"page","link":"https:\/\/nabburg-pfreimd-evangelisch.de\/?page_id=935","title":{"rendered":"Laurentiuskirche &#8211; Bilder"},"content":{"rendered":"<div id=\"maxgallery-964\" class=\"mg-image-tiles borderless\">\t<div class=\"mg-thumbs mg-fivecol\">\t\t<ul><li>\t<a class='mg-magnific' href='https:\/\/nabburg-pfreimd-evangelisch.de\/wp-content\/uploads\/2020\/09\/Laurentiuskirche_Obertor.jpg' target='' rel='mg-rel-image-thumbs' title='Blick auf Laurentiuskirche durch das Obertor'>\n\t\t<div class=\"\">\n<img class=\"mg_lazy\" data-src=\"https:\/\/nabburg-pfreimd-evangelisch.de\/wp-content\/uploads\/2020\/09\/Laurentiuskirche_Obertor-200x200.jpg\" width=\"200\" height=\"200\" alt=\"\" title=\"Laurentiuskirche Obertor\" \/><noscript><img loading=\"lazy\" decoding=\"async\" src=\"https:\/\/nabburg-pfreimd-evangelisch.de\/wp-content\/uploads\/2020\/09\/Laurentiuskirche_Obertor-200x200.jpg\" width=\"200\" height=\"200\" alt=\"\" \/><\/noscript>\t\t<\/div>\n\t<\/a>\n<\/li>\n<li>\t<a class='mg-magnific' href='https:\/\/nabburg-pfreimd-evangelisch.de\/wp-content\/uploads\/2020\/09\/Laurentiuskirche_von_Obertor.jpg' target='' rel='mg-rel-image-thumbs' title='Laurentiuskirche und Turm von St. Johannes der T\u00e4ufer'>\n\t\t<div class=\"\">\n<img class=\"mg_lazy\" data-src=\"https:\/\/nabburg-pfreimd-evangelisch.de\/wp-content\/uploads\/2020\/09\/Laurentiuskirche_von_Obertor-200x200.jpg\" width=\"200\" height=\"200\" alt=\"\" title=\"Laurentiuskirche von Obertor\" \/><noscript><img loading=\"lazy\" decoding=\"async\" src=\"https:\/\/nabburg-pfreimd-evangelisch.de\/wp-content\/uploads\/2020\/09\/Laurentiuskirche_von_Obertor-200x200.jpg\" width=\"200\" height=\"200\" alt=\"\" \/><\/noscript>\t\t<\/div>\n\t<\/a>\n<\/li>\n<li>\t<a class='mg-magnific' href='https:\/\/nabburg-pfreimd-evangelisch.de\/wp-content\/uploads\/2020\/09\/GX_1565_DxO.jpg' target='' rel='mg-rel-image-thumbs' title='Laurentiuskirche Nabburg'>\n\t\t<div class=\"\">\n<img class=\"mg_lazy\" data-src=\"https:\/\/nabburg-pfreimd-evangelisch.de\/wp-content\/uploads\/2020\/09\/GX_1565_DxO-200x200.jpg\" width=\"200\" height=\"200\" alt=\"\" title=\"Laurentiuskirche\" \/><noscript><img loading=\"lazy\" decoding=\"async\" src=\"https:\/\/nabburg-pfreimd-evangelisch.de\/wp-content\/uploads\/2020\/09\/GX_1565_DxO-200x200.jpg\" width=\"200\" height=\"200\" alt=\"\" \/><\/noscript>\t\t<\/div>\n\t<\/a>\n<\/li>\n<li>\t<a class='mg-magnific' href='https:\/\/nabburg-pfreimd-evangelisch.de\/wp-content\/uploads\/2020\/09\/Ostern.jpg' target='' rel='mg-rel-image-thumbs' title='Chor der Laurentiuskirche'>\n\t\t<div class=\"\">\n<img class=\"mg_lazy\" data-src=\"https:\/\/nabburg-pfreimd-evangelisch.de\/wp-content\/uploads\/2020\/09\/Ostern-200x200.jpg\" width=\"200\" height=\"200\" alt=\"\" title=\"Laurentiuskirche Chor\" \/><noscript><img loading=\"lazy\" decoding=\"async\" src=\"https:\/\/nabburg-pfreimd-evangelisch.de\/wp-content\/uploads\/2020\/09\/Ostern-200x200.jpg\" width=\"200\" height=\"200\" alt=\"\" \/><\/noscript>\t\t<\/div>\n\t<\/a>\n<\/li>\n<li>\t<a class='mg-magnific' href='https:\/\/nabburg-pfreimd-evangelisch.de\/wp-content\/uploads\/2020\/09\/Seitenfenster_01.jpg' target='' rel='mg-rel-image-thumbs' title='Seitenfenster im Chor'>\n\t\t<div class=\"\">\n<img class=\"mg_lazy\" data-src=\"https:\/\/nabburg-pfreimd-evangelisch.de\/wp-content\/uploads\/2020\/09\/Seitenfenster_01-200x200.jpg\" width=\"200\" height=\"200\" alt=\"\" title=\"Laurentiuskirche Seitenfenster\" \/><noscript><img loading=\"lazy\" decoding=\"async\" src=\"https:\/\/nabburg-pfreimd-evangelisch.de\/wp-content\/uploads\/2020\/09\/Seitenfenster_01-200x200.jpg\" width=\"200\" height=\"200\" alt=\"\" \/><\/noscript>\t\t<\/div>\n\t<\/a>\n<\/li>\n<li>\t<a class='mg-magnific' href='https:\/\/nabburg-pfreimd-evangelisch.de\/wp-content\/uploads\/2020\/09\/Wappen_Nabburg.jpg' target='' rel='mg-rel-image-thumbs' title='Der Gew\u00f6lbeschlu\u00dfstein des Chores tr\u00e4gt das bis 1547 verwendete Nabburger Wappen'>\n\t\t<div class=\"\">\n<img class=\"mg_lazy\" data-src=\"https:\/\/nabburg-pfreimd-evangelisch.de\/wp-content\/uploads\/2020\/09\/Wappen_Nabburg-200x200.jpg\" width=\"200\" height=\"200\" alt=\"\" title=\"Laurentiuskirche Wappen Nabburg\" \/><noscript><img loading=\"lazy\" decoding=\"async\" src=\"https:\/\/nabburg-pfreimd-evangelisch.de\/wp-content\/uploads\/2020\/09\/Wappen_Nabburg-200x200.jpg\" width=\"200\" height=\"200\" alt=\"\" \/><\/noscript>\t\t<\/div>\n\t<\/a>\n<\/li>\n<li>\t<a class='mg-magnific' href='https:\/\/nabburg-pfreimd-evangelisch.de\/wp-content\/uploads\/2020\/09\/Aufgang_02.jpg' target='' rel='mg-rel-image-thumbs' title='Schnitzwerk am Aufgang zur Empore'>\n\t\t<div class=\"\">\n<img class=\"mg_lazy\" data-src=\"https:\/\/nabburg-pfreimd-evangelisch.de\/wp-content\/uploads\/2020\/09\/Aufgang_02-200x200.jpg\" width=\"200\" height=\"200\" alt=\"\" title=\"Laurentiuskirche Aufgang\" \/><noscript><img loading=\"lazy\" decoding=\"async\" src=\"https:\/\/nabburg-pfreimd-evangelisch.de\/wp-content\/uploads\/2020\/09\/Aufgang_02-200x200.jpg\" width=\"200\" height=\"200\" alt=\"\" \/><\/noscript>\t\t<\/div>\n\t<\/a>\n<\/li>\n<li>\t<a class='mg-magnific' href='https:\/\/nabburg-pfreimd-evangelisch.de\/wp-content\/uploads\/2020\/09\/Aufgang_01.jpg' target='' rel='mg-rel-image-thumbs' title='Aufgang zur Empore mit Jugendstilornamenten'>\n\t\t<div class=\"\">\n<img class=\"mg_lazy\" data-src=\"https:\/\/nabburg-pfreimd-evangelisch.de\/wp-content\/uploads\/2020\/09\/Aufgang_01-200x200.jpg\" width=\"200\" height=\"200\" alt=\"\" title=\"Laurentiuskirche Aufgang\" \/><noscript><img loading=\"lazy\" decoding=\"async\" src=\"https:\/\/nabburg-pfreimd-evangelisch.de\/wp-content\/uploads\/2020\/09\/Aufgang_01-200x200.jpg\" width=\"200\" height=\"200\" alt=\"\" \/><\/noscript>\t\t<\/div>\n\t<\/a>\n<\/li>\n<li>\t<a class='mg-magnific' href='https:\/\/nabburg-pfreimd-evangelisch.de\/wp-content\/uploads\/2020\/09\/Empore.jpg' target='' rel='mg-rel-image-thumbs' title='Schnitzwerk an der Empore'>\n\t\t<div class=\"\">\n<img class=\"mg_lazy\" data-src=\"https:\/\/nabburg-pfreimd-evangelisch.de\/wp-content\/uploads\/2020\/09\/Empore-200x200.jpg\" width=\"200\" height=\"200\" alt=\"\" title=\"Laurentiuskirche - Empore\" \/><noscript><img loading=\"lazy\" decoding=\"async\" src=\"https:\/\/nabburg-pfreimd-evangelisch.de\/wp-content\/uploads\/2020\/09\/Empore-200x200.jpg\" width=\"200\" height=\"200\" alt=\"\" \/><\/noscript>\t\t<\/div>\n\t<\/a>\n<\/li>\n<li>\t<a class='mg-magnific' href='https:\/\/nabburg-pfreimd-evangelisch.de\/wp-content\/uploads\/2020\/09\/Orgel_01.jpg' target='' rel='mg-rel-image-thumbs' title='Einmanualige Jugendstiloregl der Firma G.F. Steinmeyer &amp; Cie aus dem Jahre 1911'>\n\t\t<div class=\"\">\n<img class=\"mg_lazy\" data-src=\"https:\/\/nabburg-pfreimd-evangelisch.de\/wp-content\/uploads\/2020\/09\/Orgel_01-200x200.jpg\" width=\"200\" height=\"200\" alt=\"\" title=\"Laurentiuskirche Orgel\" \/><noscript><img loading=\"lazy\" decoding=\"async\" src=\"https:\/\/nabburg-pfreimd-evangelisch.de\/wp-content\/uploads\/2020\/09\/Orgel_01-200x200.jpg\" width=\"200\" height=\"200\" alt=\"\" \/><\/noscript>\t\t<\/div>\n\t<\/a>\n<\/li>\n<li>\t<a class='mg-magnific' href='https:\/\/nabburg-pfreimd-evangelisch.de\/wp-content\/uploads\/2020\/09\/Orgel_02.jpg' target='' rel='mg-rel-image-thumbs' title='Schnitzwerk an der Orgel'>\n\t\t<div class=\"\">\n<img class=\"mg_lazy\" data-src=\"https:\/\/nabburg-pfreimd-evangelisch.de\/wp-content\/uploads\/2020\/09\/Orgel_02-200x200.jpg\" width=\"200\" height=\"200\" alt=\"\" title=\"Laurentiuskirche Orgel\" \/><noscript><img loading=\"lazy\" decoding=\"async\" src=\"https:\/\/nabburg-pfreimd-evangelisch.de\/wp-content\/uploads\/2020\/09\/Orgel_02-200x200.jpg\" width=\"200\" height=\"200\" alt=\"\" \/><\/noscript>\t\t<\/div>\n\t<\/a>\n<\/li>\n<li>\t<a class='mg-magnific' href='https:\/\/nabburg-pfreimd-evangelisch.de\/wp-content\/uploads\/2020\/09\/Orgel_03.jpg' target='' rel='mg-rel-image-thumbs' title='Schnitzwerk an der Orgel'>\n\t\t<div class=\"\">\n<img class=\"mg_lazy\" data-src=\"https:\/\/nabburg-pfreimd-evangelisch.de\/wp-content\/uploads\/2020\/09\/Orgel_03-200x200.jpg\" width=\"200\" height=\"200\" alt=\"\" title=\"Laurentiuskirche Orgel\" \/><noscript><img loading=\"lazy\" decoding=\"async\" src=\"https:\/\/nabburg-pfreimd-evangelisch.de\/wp-content\/uploads\/2020\/09\/Orgel_03-200x200.jpg\" width=\"200\" height=\"200\" alt=\"\" \/><\/noscript>\t\t<\/div>\n\t<\/a>\n<\/li>\n<li>\t<a class='mg-magnific' href='https:\/\/nabburg-pfreimd-evangelisch.de\/wp-content\/uploads\/2020\/09\/Orgel_04.jpg' target='' rel='mg-rel-image-thumbs' title='Manual der Orgel mit Hersteller'>\n\t\t<div class=\"\">\n<img class=\"mg_lazy\" data-src=\"https:\/\/nabburg-pfreimd-evangelisch.de\/wp-content\/uploads\/2020\/09\/Orgel_04-200x200.jpg\" width=\"200\" height=\"200\" alt=\"\" title=\"Laurentiuskirche Orgel\" \/><noscript><img loading=\"lazy\" decoding=\"async\" src=\"https:\/\/nabburg-pfreimd-evangelisch.de\/wp-content\/uploads\/2020\/09\/Orgel_04-200x200.jpg\" width=\"200\" height=\"200\" alt=\"\" \/><\/noscript>\t\t<\/div>\n\t<\/a>\n<\/li>\n<li>\t<a class='mg-magnific' href='https:\/\/nabburg-pfreimd-evangelisch.de\/wp-content\/uploads\/2020\/09\/Deckenschmuck.jpg' target='' rel='mg-rel-image-thumbs' title='Die Decke ist mit Jugendstilornamenten verziert'>\n\t\t<div class=\"\">\n<img class=\"mg_lazy\" data-src=\"https:\/\/nabburg-pfreimd-evangelisch.de\/wp-content\/uploads\/2020\/09\/Deckenschmuck-200x200.jpg\" width=\"200\" height=\"200\" alt=\"\" title=\"Laurentiuskirche Deckenschmuck\" \/><noscript><img loading=\"lazy\" decoding=\"async\" src=\"https:\/\/nabburg-pfreimd-evangelisch.de\/wp-content\/uploads\/2020\/09\/Deckenschmuck-200x200.jpg\" width=\"200\" height=\"200\" alt=\"\" \/><\/noscript>\t\t<\/div>\n\t<\/a>\n<\/li>\n<li>\t<a class='mg-magnific' href='https:\/\/nabburg-pfreimd-evangelisch.de\/wp-content\/uploads\/2020\/09\/Osternacht01.jpg' target='' rel='mg-rel-image-thumbs' title='Osternacht in der LAurentiuskirche'>\n\t\t<div class=\"\">\n<img class=\"mg_lazy\" data-src=\"https:\/\/nabburg-pfreimd-evangelisch.de\/wp-content\/uploads\/2020\/09\/Osternacht01-200x200.jpg\" width=\"200\" height=\"200\" alt=\"\" title=\"Laurentiuskirche Ostern\" \/><noscript><img loading=\"lazy\" decoding=\"async\" src=\"https:\/\/nabburg-pfreimd-evangelisch.de\/wp-content\/uploads\/2020\/09\/Osternacht01-200x200.jpg\" width=\"200\" height=\"200\" alt=\"\" \/><\/noscript>\t\t<\/div>\n\t<\/a>\n<\/li>\n<li>\t<a class='mg-magnific' href='https:\/\/nabburg-pfreimd-evangelisch.de\/wp-content\/uploads\/2020\/09\/Weihnachten.jpg' target='' rel='mg-rel-image-thumbs' title='Weihnachten in der Laurentiuskirche'>\n\t\t<div class=\"\">\n<img class=\"mg_lazy\" data-src=\"https:\/\/nabburg-pfreimd-evangelisch.de\/wp-content\/uploads\/2020\/09\/Weihnachten-200x200.jpg\" width=\"200\" height=\"200\" alt=\"\" title=\"Laurentiuskirche\" \/><noscript><img loading=\"lazy\" decoding=\"async\" src=\"https:\/\/nabburg-pfreimd-evangelisch.de\/wp-content\/uploads\/2020\/09\/Weihnachten-200x200.jpg\" width=\"200\" height=\"200\" alt=\"\" \/><\/noscript>\t\t<\/div>\n\t<\/a>\n<\/li>\n\t\t<\/ul>\n\t\t<div class=\"clear\"><\/div>\n\t<\/div>\n\t<span style=\"display: none;\" class=\"hidden-image-tiles-gallery-id\">964<\/span>\n\t<span style=\"display: none;\" class=\"hidden-image-tiles-vertical-fit-enabled\">false<\/span>\n\t<span style=\"display: none;\" class=\"hidden-image-tiles-content-click-close-enabled\">false<\/span>\n\t<span style=\"display: none;\" class=\"hidden-image-tiles-bg-click-close-enabled\">true<\/span>\n\t<span style=\"display: none;\" class=\"hidden-image-tiles-close-btn-inside-enabled\">false<\/span>\n\t<span style=\"display: none;\" class=\"hidden-image-tiles-hide-close-btn-enabled\">true<\/span>\n\t<span style=\"display: none;\" class=\"hidden-image-tiles-escape-key-enabled\">true<\/span>\n\t<span style=\"display: none;\" class=\"hidden-image-tiles-align-top-enabled\">false<\/span>\n\t<span style=\"display: none;\" class=\"hidden-image-tiles-fixed-content-position\">auto<\/span>\n\t<span style=\"display: none;\" class=\"hidden-image-tiles-zoom-enabled\">false<\/span>\n\t<span style=\"display: none;\" class=\"hidden-image-tiles-popup-main-class\"><\/span>\n\t<span style=\"display: none;\" class=\"hidden-image-tiles-easing-type\">ease-in-out<\/span>\n\t<span style=\"display: none;\" class=\"hidden-image-tiles-zoom-duration\">300<\/span>\n\t<span style=\"display: none;\" class=\"hidden-image-tiles-overflow-y\"><\/span>\n\t<span style=\"display: none;\" class=\"hidden-image-tiles-retina-enabled\">false<\/span>\n\t<span style=\"display: none;\" class=\"hidden-image-tiles-removal-delay\">0<\/span>\n\t<span style=\"display: none;\" class=\"hidden-image-tiles-gallery-enabled\">true<\/span>\n\t<span style=\"display: none;\" class=\"hidden-image-tiles-navigate-by-img-click-enabled\">false<\/span>\n\t<span style=\"display: none;\" class=\"hidden-image-tiles-arrow-markup\"><button title='%title%' type='button' class='mfp-arrow mfp-arrow-%dir%'><\/button><\/span>\n\t<span style=\"display: none;\" class=\"hidden-image-tiles-prev-button-title\">Previous (Left arrow key)<\/span>\n\t<span style=\"display: none;\" class=\"hidden-image-tiles-next-button-title\">Next (Right arrow key)<\/span>\n\t<span style=\"display: none;\" class=\"hidden-image-tiles-counter-markup\"><div class='mfp-counter'>%curr% of %total%<\/div><\/span>\n<\/div>\n<script>\ndocument.addEventListener(\"DOMContentLoaded\", function(event) { \njQuery(\"img.mg_lazy\").lazyload({threshold : 1});\n});\n<\/script>\n\n","protected":false},"excerpt":{"rendered":"<p><span class=\"ellipsis\">&hellip;<\/span><\/p>\n<div class=\"read-more\"><a href=\"https:\/\/nabburg-pfreimd-evangelisch.de\/?page_id=935\">Weiterlesen \u203a<\/a><\/div>\n<p><!-- end of .read-more --><\/p>\n","protected":false},"author":1,"featured_media":0,"parent":0,"menu_order":0,"comment_status":"closed","ping_status":"closed","template":"","meta":{"footnotes":""},"class_list":["post-935","page","type-page","status-publish","hentry"],"_links":{"self":[{"href":"https:\/\/nabburg-pfreimd-evangelisch.de\/index.php?rest_route=\/wp\/v2\/pages\/935","targetHints":{"allow":["GET"]}}],"collection":[{"href":"https:\/\/nabburg-pfreimd-evangelisch.de\/index.php?rest_route=\/wp\/v2\/pages"}],"about":[{"href":"https:\/\/nabburg-pfreimd-evangelisch.de\/index.php?rest_route=\/wp\/v2\/types\/page"}],"author":[{"embeddable":true,"href":"https:\/\/nabburg-pfreimd-evangelisch.de\/index.php?rest_route=\/wp\/v2\/users\/1"}],"replies":[{"embeddable":true,"href":"https:\/\/nabburg-pfreimd-evangelisch.de\/index.php?rest_route=%2Fwp%2Fv2%2Fcomments&post=935"}],"version-history":[{"count":4,"href":"https:\/\/nabburg-pfreimd-evangelisch.de\/index.php?rest_route=\/wp\/v2\/pages\/935\/revisions"}],"predecessor-version":[{"id":2065,"href":"https:\/\/nabburg-pfreimd-evangelisch.de\/index.php?rest_route=\/wp\/v2\/pages\/935\/revisions\/2065"}],"wp:attachment":[{"href":"https:\/\/nabburg-pfreimd-evangelisch.de\/index.php?rest_route=%2Fwp%2Fv2%2Fmedia&parent=935"}],"curies":[{"name":"wp","href":"https:\/\/api.w.org\/{rel}","templated":true}]}}